{"id":1064,"date":"2023-02-23T13:01:20","date_gmt":"2023-02-23T13:01:20","guid":{"rendered":"https:\/\/ahnar.org\/avis-legal\/"},"modified":"2024-05-02T22:10:21","modified_gmt":"2024-05-02T22:10:21","slug":"avis-legal","status":"publish","type":"page","link":"https:\/\/ahnar.org\/val\/avis-legal\/","title":{"rendered":"Av\u00eds Legal"},"content":{"rendered":"\t\t<div data-elementor-type=\"wp-page\" data-elementor-id=\"1064\" class=\"elementor elementor-1064 elementor-361\" data-elementor-post-type=\"page\">\n\t\t\t\t\t\t<section class=\"elementor-section elementor-top-section elementor-element elementor-element-8b0ff89 elementor-section-boxed elementor-section-height-default elementor-section-height-default\" data-id=\"8b0ff89\" data-element_type=\"section\" data-e-type=\"section\">\n\t\t\t\t\t\t<div class=\"elementor-container elementor-column-gap-default\">\n\t\t\t\t\t<div class=\"elementor-column elementor-col-100 elementor-top-column elementor-element elementor-element-607425c\" data-id=\"607425c\" data-element_type=\"column\" data-e-type=\"column\">\n\t\t\t<div class=\"elementor-widget-wrap elementor-element-populated\">\n\t\t\t\t\t\t<div class=\"elementor-element elementor-element-57c700c elementor-widget elementor-widget-spacer\" data-id=\"57c700c\" data-element_type=\"widget\" data-e-type=\"widget\" data-widget_type=\"spacer.default\">\n\t\t\t\t<div class=\"elementor-widget-container\">\n\t\t\t\t\t\t\t<div class=\"elementor-spacer\">\n\t\t\t<div class=\"elementor-spacer-inner\"><\/div>\n\t\t<\/div>\n\t\t\t\t\t\t<\/div>\n\t\t\t\t<\/div>\n\t\t\t\t\t<\/div>\n\t\t<\/div>\n\t\t\t\t\t<\/div>\n\t\t<\/section>\n\t\t\t\t<section class=\"elementor-section elementor-top-section elementor-element elementor-element-395a865 elementor-section-boxed elementor-section-height-default elementor-section-height-default\" data-id=\"395a865\" data-element_type=\"section\" data-e-type=\"section\">\n\t\t\t\t\t\t<div class=\"elementor-container elementor-column-gap-default\">\n\t\t\t\t\t<div class=\"elementor-column elementor-col-100 elementor-top-column elementor-element elementor-element-7e3ccd0\" data-id=\"7e3ccd0\" data-element_type=\"column\" data-e-type=\"column\">\n\t\t\t<div class=\"elementor-widget-wrap elementor-element-populated\">\n\t\t\t\t\t\t<div class=\"elementor-element elementor-element-af1d547 elementor-widget elementor-widget-heading\" data-id=\"af1d547\" data-element_type=\"widget\" data-e-type=\"widget\" data-widget_type=\"heading.default\">\n\t\t\t\t<div class=\"elementor-widget-container\">\n\t\t\t\t\t<h4 class=\"elementor-heading-title elementor-size-large\">Av\u00eds Legal<\/h4>\t\t\t\t<\/div>\n\t\t\t\t<\/div>\n\t\t\t\t\t<\/div>\n\t\t<\/div>\n\t\t\t\t\t<\/div>\n\t\t<\/section>\n\t\t\t\t<section class=\"elementor-section elementor-top-section elementor-element elementor-element-7ee4315 elementor-section-boxed elementor-section-height-default elementor-section-height-default\" data-id=\"7ee4315\" data-element_type=\"section\" data-e-type=\"section\">\n\t\t\t\t\t\t<div class=\"elementor-container elementor-column-gap-default\">\n\t\t\t\t\t<div class=\"elementor-column elementor-col-100 elementor-top-column elementor-element elementor-element-a41c0b9\" data-id=\"a41c0b9\" data-element_type=\"column\" data-e-type=\"column\">\n\t\t\t<div class=\"elementor-widget-wrap elementor-element-populated\">\n\t\t\t\t\t\t<div class=\"elementor-element elementor-element-4438324 elementor-widget elementor-widget-text-editor\" data-id=\"4438324\" data-element_type=\"widget\" data-e-type=\"widget\" data-widget_type=\"text-editor.default\">\n\t\t\t\t<div class=\"elementor-widget-container\">\n\t\t\t\t\t\t\t\t\t<p>D&#8217;acord amb l&#8217;article 10 de la Llei 34\/2002, d&#8217;11 de juliol, de Serveis de la Societat de la Informaci\u00f3 i Comer\u00e7 Electr\u00f2nic, posem al vostre coneixement la seg\u00fcent informaci\u00f3:<\/p>\n<ol>\n<li>El lloc web www.ahnar.org est\u00e0 gestionat per L\u2019ASSOCIACI\u00d3 L&#8217;HORTA NORD PER A LA REHABILITACI\u00d3 DE LES ADDICCIONS, domiciliada en c\/ Rei En Jaume, n\u00fam. 36, Meliana- Val\u00e8ncia.<\/li>\n<li>Ahnar, amb C.I.F. G- 46157004, est\u00e0 inscrita en el Registre de Mercantil de Val\u00e8ncia en Llibre de Societats, Tom 1r, Inscripci\u00f3 Nacional N\u00ba40903 Auton\u00f2mic N\u00ba1923.<\/li>\n<li>Si voleu contactar amb nosaltres, podeu fer-ho b\u00e9 mitjan\u00e7ant correu postal, a l&#8217;adre\u00e7a indicada anteriorment, b\u00e9 a trav\u00e9s del correu electr\u00f2nic a l&#8217;adre\u00e7a ahnar@ahnar.org o b\u00e9 mitjan\u00e7ant el tel\u00e8fon 96 149 33 42.<\/li>\n<\/ol>\n<div>Pot consultar la nostra <a href=\"https:\/\/ahnar.org\/politica-de-privacidad\/\">pol\u00edtica de privacitat ac\u00ed<\/a>.<\/div>\t\t\t\t\t\t\t\t<\/div>\n\t\t\t\t<\/div>\n\t\t\t\t\t<\/div>\n\t\t<\/div>\n\t\t\t\t\t<\/div>\n\t\t<\/section>\n\t\t\t\t<section class=\"elementor-section elementor-top-section elementor-element elementor-element-03a4ee2 elementor-section-boxed elementor-section-height-default elementor-section-height-default\" data-id=\"03a4ee2\" data-element_type=\"section\" data-e-type=\"section\">\n\t\t\t\t\t\t<div class=\"elementor-container elementor-column-gap-default\">\n\t\t\t\t\t<div class=\"elementor-column elementor-col-100 elementor-top-column elementor-element elementor-element-d4fb750\" data-id=\"d4fb750\" data-element_type=\"column\" data-e-type=\"column\">\n\t\t\t<div class=\"elementor-widget-wrap elementor-element-populated\">\n\t\t\t\t\t\t<div class=\"elementor-element elementor-element-f3bf4f3 elementor-widget elementor-widget-spacer\" data-id=\"f3bf4f3\" data-element_type=\"widget\" data-e-type=\"widget\" data-widget_type=\"spacer.default\">\n\t\t\t\t<div class=\"elementor-widget-container\">\n\t\t\t\t\t\t\t<div class=\"elementor-spacer\">\n\t\t\t<div class=\"elementor-spacer-inner\"><\/div>\n\t\t<\/div>\n\t\t\t\t\t\t<\/div>\n\t\t\t\t<\/div>\n\t\t\t\t\t<\/div>\n\t\t<\/div>\n\t\t\t\t\t<\/div>\n\t\t<\/section>\n\t\t\t\t<\/div>\n\t\t<!--themify_builder_content-->\n<div id=\"themify_builder_content-1064\" data-postid=\"1064\" class=\"themify_builder_content themify_builder_content-1064 themify_builder tf_clear\">\n    <\/div>\n<!--\/themify_builder_content-->\n","protected":false},"excerpt":{"rendered":"<p>Av\u00eds Legal D&#8217;acord amb l&#8217;article 10 de la Llei 34\/2002, d&#8217;11 de juliol, de Serveis de la Societat de la Informaci\u00f3 i Comer\u00e7 Electr\u00f2nic, posem al vostre coneixement la seg\u00fcent informaci\u00f3: El lloc web www.ahnar.org est\u00e0 gestionat per L\u2019ASSOCIACI\u00d3 L&#8217;HORTA NORD PER A LA REHABILITACI\u00d3 DE LES ADDICCIONS, domiciliada en c\/ Rei En Jaume, n\u00fam. [&hellip;]<\/p>\n","protected":false},"author":1,"featured_media":0,"parent":0,"menu_order":0,"comment_status":"closed","ping_status":"closed","template":"elementor_header_footer","meta":{"footnotes":""},"class_list":["post-1064","page","type-page","status-publish","hentry","has-post-title","has-post-date","has-post-category","has-post-tag","has-post-comment","has-post-author",""],"builder_content":"","_links":{"self":[{"href":"https:\/\/ahnar.org\/val\/wp-json\/wp\/v2\/pages\/1064","targetHints":{"allow":["GET"]}}],"collection":[{"href":"https:\/\/ahnar.org\/val\/wp-json\/wp\/v2\/pages"}],"about":[{"href":"https:\/\/ahnar.org\/val\/wp-json\/wp\/v2\/types\/page"}],"author":[{"embeddable":true,"href":"https:\/\/ahnar.org\/val\/wp-json\/wp\/v2\/users\/1"}],"replies":[{"embeddable":true,"href":"https:\/\/ahnar.org\/val\/wp-json\/wp\/v2\/comments?post=1064"}],"version-history":[{"count":1,"href":"https:\/\/ahnar.org\/val\/wp-json\/wp\/v2\/pages\/1064\/revisions"}],"predecessor-version":[{"id":1065,"href":"https:\/\/ahnar.org\/val\/wp-json\/wp\/v2\/pages\/1064\/revisions\/1065"}],"wp:attachment":[{"href":"https:\/\/ahnar.org\/val\/wp-json\/wp\/v2\/media?parent=1064"}],"curies":[{"name":"wp","href":"https:\/\/api.w.org\/{rel}","templated":true}]}}