{"id":1066,"date":"2023-02-23T12:56:48","date_gmt":"2023-02-23T12:56:48","guid":{"rendered":"https:\/\/ahnar.org\/politica-de-privadesa\/"},"modified":"2024-07-17T15:19:07","modified_gmt":"2024-07-17T15:19:07","slug":"politica-de-privadesa","status":"publish","type":"page","link":"https:\/\/ahnar.org\/val\/politica-de-privadesa\/","title":{"rendered":"Pol\u00edtica de privadesa"},"content":{"rendered":"\t\t<div data-elementor-type=\"wp-page\" data-elementor-id=\"1066\" class=\"elementor elementor-1066 elementor-354\" data-elementor-post-type=\"page\">\n\t\t\t\t\t\t<section class=\"elementor-section elementor-top-section elementor-element elementor-element-0c07663 elementor-section-boxed elementor-section-height-default elementor-section-height-default\" data-id=\"0c07663\" data-element_type=\"section\" data-e-type=\"section\">\n\t\t\t\t\t\t<div class=\"elementor-container elementor-column-gap-default\">\n\t\t\t\t\t<div class=\"elementor-column elementor-col-100 elementor-top-column elementor-element elementor-element-7d80b0b\" data-id=\"7d80b0b\" data-element_type=\"column\" data-e-type=\"column\">\n\t\t\t<div class=\"elementor-widget-wrap elementor-element-populated\">\n\t\t\t\t\t\t<div class=\"elementor-element elementor-element-681cffa elementor-widget elementor-widget-spacer\" data-id=\"681cffa\" data-element_type=\"widget\" data-e-type=\"widget\" data-widget_type=\"spacer.default\">\n\t\t\t\t<div class=\"elementor-widget-container\">\n\t\t\t\t\t\t\t<div class=\"elementor-spacer\">\n\t\t\t<div class=\"elementor-spacer-inner\"><\/div>\n\t\t<\/div>\n\t\t\t\t\t\t<\/div>\n\t\t\t\t<\/div>\n\t\t\t\t\t<\/div>\n\t\t<\/div>\n\t\t\t\t\t<\/div>\n\t\t<\/section>\n\t\t\t\t<section class=\"elementor-section elementor-top-section elementor-element elementor-element-7b38fc6 elementor-section-boxed elementor-section-height-default elementor-section-height-default\" data-id=\"7b38fc6\" data-element_type=\"section\" data-e-type=\"section\">\n\t\t\t\t\t\t<div class=\"elementor-container elementor-column-gap-default\">\n\t\t\t\t\t<div class=\"elementor-column elementor-col-100 elementor-top-column elementor-element elementor-element-a3e1e96\" data-id=\"a3e1e96\" data-element_type=\"column\" data-e-type=\"column\">\n\t\t\t<div class=\"elementor-widget-wrap elementor-element-populated\">\n\t\t\t\t\t\t<div class=\"elementor-element elementor-element-d88e09f elementor-widget elementor-widget-heading\" data-id=\"d88e09f\" data-element_type=\"widget\" data-e-type=\"widget\" data-widget_type=\"heading.default\">\n\t\t\t\t<div class=\"elementor-widget-container\">\n\t\t\t\t\t<h4 class=\"elementor-heading-title elementor-size-large\">Pol\u00edtica de privadesa<\/h4>\t\t\t\t<\/div>\n\t\t\t\t<\/div>\n\t\t\t\t\t<\/div>\n\t\t<\/div>\n\t\t\t\t\t<\/div>\n\t\t<\/section>\n\t\t\t\t<section class=\"elementor-section elementor-top-section elementor-element elementor-element-6e6e1c1a elementor-section-boxed elementor-section-height-default elementor-section-height-default\" data-id=\"6e6e1c1a\" data-element_type=\"section\" data-e-type=\"section\">\n\t\t\t\t\t\t<div class=\"elementor-container elementor-column-gap-default\">\n\t\t\t\t\t<div class=\"elementor-column elementor-col-100 elementor-top-column elementor-element elementor-element-3cd1322c\" data-id=\"3cd1322c\" data-element_type=\"column\" data-e-type=\"column\">\n\t\t\t<div class=\"elementor-widget-wrap elementor-element-populated\">\n\t\t\t\t\t\t<div class=\"elementor-element elementor-element-32f6155b elementor-widget elementor-widget-text-editor\" data-id=\"32f6155b\" data-element_type=\"widget\" data-e-type=\"widget\" data-widget_type=\"text-editor.default\">\n\t\t\t\t<div class=\"elementor-widget-container\">\n\t\t\t\t\t\t\t\t\t\n<p>Seguint els principis de licitud, lleialtat i transpar\u00e8ncia, posem a la vostra disposici\u00f3 la present Pol\u00edtica de Privacitat per a <a href=\"https:\/\/ahnar.org\/val\/\" target=\"_blank\" rel=\"noreferrer noopener\">https:\/\/ahnar.org<\/a><\/p>\n\n<h3><strong>Qui \u00e9s el responsable del tractament de les vostres dades?<\/strong><\/h3>\n\n<p><strong class=\"privacy-policy-tutorial\">ASSOCIACI\u00d3 ANHAR<br><\/strong>, CIF: G46157004<br>DOMICILI SOCIAL: C\/ REI EN JAUME, N\u00ba.36, BAIX ESQ., 46133, MELIANA (VAL\u00c8NCIA)<br>Email: <a href=\"mailto:ahnar@ahnar.org\">ahnar@ahnar.org<\/a><br>Tel\u00e8fon: 961 493 342<\/p>\n\n<h3>Amb quina finalitat tractem les vostres dades personals?<\/h3>\n\n<p>En l&#8217;Associaci\u00f3 AHNAR tractem la informaci\u00f3 que se&#8217;ns facilita amb la finalitat de gestionar la relaci\u00f3 contractual que ens uneix, gestionar l&#8217;enviament de la informaci\u00f3 que se&#8217;ns sol\u00b7licita, facilitar als interessats ofertes dels nostres serveis i productes del vostre inter\u00e9s o gestionar la vostra candidatura.<\/p>\n\n<h3>Quant temps conservarem les vostres dades personals?<\/h3>\n\n<p>Les vostres dades seran conservades el temps m\u00ednim necessari per a la correcta prestaci\u00f3 del servei oferit, aix\u00ed com per a atendre les responsabilitats que es pogueren derivar del mateix i de qualsevol altra exig\u00e8ncia legal.<\/p>\n\n<h3>Quina \u00e9s la legitimaci\u00f3 per al tractament de les vostres dades?<\/h3>\n\n<p>La base legal per al tractament de les vostres dades personals pot ser l&#8217;execuci\u00f3 d&#8217;una relaci\u00f3 contractual potencial i\/o subscrita, l&#8217;inter\u00e9s leg\u00edtim, l&#8217;habilitaci\u00f3 legal i\/o el consentiment del mateix interessat. Les dades que vos sol\u00b7licitem s\u00f3n adequades, pertinents i estrictament necess\u00e0ries i, en cap cas, esteu obligats o obligades a facilitar-nos-les, per\u00f2 la vostra no comunicaci\u00f3 podr\u00e0 afectar la finalitat del servei o la impossibilitat de prestar-lo.<\/p>\n\n<h3>A quins destinataris es comunicaran les vostres dades?<\/h3>\n\n<p>L\u2019Associaci\u00f3 AHNAR no comunicar\u00e0 les vostres dades a terceres persones, excepte amb el vostre consentiment expr\u00e9s o obligaci\u00f3 legal.<\/p>\n\n<h3>Quins s\u00f3n els vostres drets quan ens faciliteu les vostres dades?<\/h3>\n\n<p>Els drets de protecci\u00f3 de dades dels quals s\u00f3n titulars les persones interessades s\u00f3n:<\/p>\n\n<ul>\n<li>Dret a sol\u00b7licitar l&#8217;acc\u00e9s a les dades personals relatives a la persona interessada<\/li>\n\n<li>Dret de rectificaci\u00f3 o supressi\u00f3<\/li>\n\n<li>Dret d&#8217;oposici\u00f3<\/li>\n\n<li>Dret a sol\u00b7licitar la limitaci\u00f3 del vostre tractament<\/li>\n\n<li>Dret a la portabilitat de les dades<\/li>\n<\/ul>\n\n<p>Els titulars de les dades personals obtingudes podran exercir els seus drets de protecci\u00f3 de dades personals. Per a aix\u00f2, cal enviar una comunicaci\u00f3 per escrit al domicili social de l&#8217;Associaci\u00f3 AHNAR o al correu electr\u00f2nic habilitat amb aquesta finalitat,<a href=\"mailto:_ahnar@ahnar.org\"> ahnar@ahnar.org<\/a>, on s&#8217;han d&#8217;incloure en tots dos casos fotoc\u00f2pia del DNI o un altre document d&#8217;identificaci\u00f3 equivalent.<\/p>\n\n<p>Models, formularis i m\u00e9s informaci\u00f3 disponibles sobre els vostres drets en la p\u00e0gina web de l&#8217;autoritat de control nacional, Ag\u00e8ncia Espanyola de Protecci\u00f3 de Dades, d&#8217;ara en avant, AEPD, <a href=\"http:\/\/www.agpd.es\/\">www.agpd.es <\/a><\/p>\n\n<h3>Podeu retirar el consentiment?<\/h3>\n\n<p>Teniu la possibilitat i el dret a retirar el consentiment per a qualsevol finalitat espec\u00edfica atorgada en el seu moment, sense que aix\u00f2 afecte la licitud del tractament basat en el consentiment previ a la seua retirada.<\/p>\n\n<h3>On podeu reclamar en cas que considereu que no es tracten les vostres dades correctament?<\/h3>\n\n<p>Si algun interessat considera que les seues dades no s\u00f3n tractades correctament per l&#8217;Associaci\u00f3 AHNAR, pot dirigir les seues reclamacions al <a href=\"mailto:correo_ahnar@ahnar.org\">correu<\/a> ahnar@ahnar.org o a l&#8217;autoritat de protecci\u00f3 de dades que corresponga. L&#8217;AEPD n&#8217;\u00e9s l&#8217;encarregada al territori estatal, <a href=\"http:\/\/www.agpd.es\/\">www.agpd.es <\/a><\/p>\n\n<h3>Seguretat i actualitzaci\u00f3 de les vostres dades personals<\/h3>\n\n<p>Amb l&#8217;objectiu de salvaguardar la seguretat de les vostres dades personals, vos informem que l&#8217;Associaci\u00f3 AHNAR ha adoptat totes les mesures d&#8217;\u00edndole t\u00e8cnica i organitzativa necess\u00e0ries per a garantir la seguretat de les dades personals subministrades. Tot aix\u00f2, per a evitar la seua alteraci\u00f3, p\u00e8rdua, i\/o tractaments o accessos no autoritzats, tal com exigeix la normativa, si b\u00e9 la seguretat absoluta no existeix.<\/p>\n\n<p>\u00c9s important que, perqu\u00e8 puguem mantindre les vostres dades personals actualitzades, se&#8217;ns informe sempre que es produ\u00efsca una modificaci\u00f3 d&#8217;aquestes.<\/p>\n\n<h3>Confidencialitat<\/h3>\n\n<p>L&#8217;Associaci\u00f3 AHNAR vos informa que les vostres dades seran tractades amb el m\u00e0xim zel i confidencialitat per tot el personal que intervinga en qualsevol de les fases del tractament. No cedirem ni comunicarem a terceres persones les vostres dades, excepte en els casos legalment previstos, o llevat que la persona interessada ens haguera autoritzat expressament.<\/p>\n\t\t\t\t\t\t\t\t<\/div>\n\t\t\t\t<\/div>\n\t\t\t\t\t<\/div>\n\t\t<\/div>\n\t\t\t\t\t<\/div>\n\t\t<\/section>\n\t\t\t\t<section class=\"elementor-section elementor-top-section elementor-element elementor-element-532ba3f elementor-section-boxed elementor-section-height-default elementor-section-height-default\" data-id=\"532ba3f\" data-element_type=\"section\" data-e-type=\"section\">\n\t\t\t\t\t\t<div class=\"elementor-container elementor-column-gap-default\">\n\t\t\t\t\t<div class=\"elementor-column elementor-col-100 elementor-top-column elementor-element elementor-element-119b7e9\" data-id=\"119b7e9\" data-element_type=\"column\" data-e-type=\"column\">\n\t\t\t<div class=\"elementor-widget-wrap elementor-element-populated\">\n\t\t\t\t\t\t<div class=\"elementor-element elementor-element-5836da8 elementor-widget elementor-widget-spacer\" data-id=\"5836da8\" data-element_type=\"widget\" data-e-type=\"widget\" data-widget_type=\"spacer.default\">\n\t\t\t\t<div class=\"elementor-widget-container\">\n\t\t\t\t\t\t\t<div class=\"elementor-spacer\">\n\t\t\t<div class=\"elementor-spacer-inner\"><\/div>\n\t\t<\/div>\n\t\t\t\t\t\t<\/div>\n\t\t\t\t<\/div>\n\t\t\t\t\t<\/div>\n\t\t<\/div>\n\t\t\t\t\t<\/div>\n\t\t<\/section>\n\t\t\t\t<\/div>\n\t\t<!--themify_builder_content-->\n<div id=\"themify_builder_content-1066\" data-postid=\"1066\" class=\"themify_builder_content themify_builder_content-1066 themify_builder tf_clear\">\n    <\/div>\n<!--\/themify_builder_content-->\n","protected":false},"excerpt":{"rendered":"<p>Pol\u00edtica de privadesa Seguint els principis de licitud, lleialtat i transpar\u00e8ncia, posem a la vostra disposici\u00f3 la present Pol\u00edtica de Privacitat per a https:\/\/ahnar.org Qui \u00e9s el responsable del tractament de les vostres dades? ASSOCIACI\u00d3 ANHAR, CIF: G46157004DOMICILI SOCIAL: C\/ REI EN JAUME, N\u00ba.36, BAIX ESQ., 46133, MELIANA (VAL\u00c8NCIA)Email: ahnar@ahnar.orgTel\u00e8fon: 961 493 342 Amb quina [&hellip;]<\/p>\n","protected":false},"author":1,"featured_media":0,"parent":0,"menu_order":0,"comment_status":"closed","ping_status":"closed","template":"elementor_header_footer","meta":{"footnotes":""},"class_list":["post-1066","page","type-page","status-publish","hentry","has-post-title","has-post-date","has-post-category","has-post-tag","has-post-comment","has-post-author",""],"builder_content":"","_links":{"self":[{"href":"https:\/\/ahnar.org\/val\/wp-json\/wp\/v2\/pages\/1066","targetHints":{"allow":["GET"]}}],"collection":[{"href":"https:\/\/ahnar.org\/val\/wp-json\/wp\/v2\/pages"}],"about":[{"href":"https:\/\/ahnar.org\/val\/wp-json\/wp\/v2\/types\/page"}],"author":[{"embeddable":true,"href":"https:\/\/ahnar.org\/val\/wp-json\/wp\/v2\/users\/1"}],"replies":[{"embeddable":true,"href":"https:\/\/ahnar.org\/val\/wp-json\/wp\/v2\/comments?post=1066"}],"version-history":[{"count":3,"href":"https:\/\/ahnar.org\/val\/wp-json\/wp\/v2\/pages\/1066\/revisions"}],"predecessor-version":[{"id":1170,"href":"https:\/\/ahnar.org\/val\/wp-json\/wp\/v2\/pages\/1066\/revisions\/1170"}],"wp:attachment":[{"href":"https:\/\/ahnar.org\/val\/wp-json\/wp\/v2\/media?parent=1066"}],"curies":[{"name":"wp","href":"https:\/\/api.w.org\/{rel}","templated":true}]}}